{"id":1977,"date":"2020-11-07T11:20:46","date_gmt":"2020-11-07T11:20:46","guid":{"rendered":"https:\/\/egoskincare.pl\/sklep\/?page_id=1977"},"modified":"2020-12-08T09:15:20","modified_gmt":"2020-12-08T09:15:20","slug":"polityka-prywatnosci","status":"publish","type":"page","link":"https:\/\/egoskincare.pl\/sklep\/polityka-prywatnosci\/","title":{"rendered":"Polityka Prywatno\u015bci"},"content":{"rendered":"\t\t<div data-elementor-type=\"wp-page\" data-elementor-id=\"1977\" class=\"elementor elementor-1977\" data-elementor-post-type=\"page\">\n\t\t\t\t\t\t<section class=\"elementor-section elementor-top-section elementor-element elementor-element-252f976 elementor-section-full_width elementor-section-height-min-height elementor-section-height-default elementor-section-items-middle\" data-id=\"252f976\" data-element_type=\"section\" data-e-type=\"section\" data-settings=\"{&quot;background_background&quot;:&quot;classic&quot;}\">\n\t\t\t\t\t\t<div class=\"elementor-container elementor-column-gap-no\">\n\t\t\t\t\t<div class=\"elementor-column elementor-col-100 elementor-top-column elementor-element elementor-element-972dafd\" data-id=\"972dafd\" data-element_type=\"column\" data-e-type=\"column\">\n\t\t\t<div class=\"elementor-widget-wrap elementor-element-populated\">\n\t\t\t\t\t\t<div class=\"elementor-element elementor-element-71b23d0 elementor-widget elementor-widget-heading\" data-id=\"71b23d0\" data-element_type=\"widget\" data-e-type=\"widget\" data-widget_type=\"heading.default\">\n\t\t\t\t<div class=\"elementor-widget-container\">\n\t\t\t\t\t<h2 class=\"elementor-heading-title elementor-size-default\">polityka prywatno\u015bci<\/h2>\t\t\t\t<\/div>\n\t\t\t\t<\/div>\n\t\t\t\t<div class=\"elementor-element elementor-element-1d13383 elementor-widget-divider--view-line elementor-widget elementor-widget-divider\" data-id=\"1d13383\" data-element_type=\"widget\" data-e-type=\"widget\" data-widget_type=\"divider.default\">\n\t\t\t\t<div class=\"elementor-widget-container\">\n\t\t\t\t\t\t\t<div class=\"elementor-divider\">\n\t\t\t<span class=\"elementor-divider-separator\">\n\t\t\t\t\t\t<\/span>\n\t\t<\/div>\n\t\t\t\t\t\t<\/div>\n\t\t\t\t<\/div>\n\t\t\t\t\t<\/div>\n\t\t<\/div>\n\t\t\t\t\t<\/div>\n\t\t<\/section>\n\t\t\t\t<section class=\"elementor-section elementor-top-section elementor-element elementor-element-fb56822 elementor-section-boxed elementor-section-height-default elementor-section-height-default\" data-id=\"fb56822\" data-element_type=\"section\" data-e-type=\"section\">\n\t\t\t\t\t\t<div class=\"elementor-container elementor-column-gap-default\">\n\t\t\t\t\t<div class=\"elementor-column elementor-col-100 elementor-top-column elementor-element elementor-element-7581098\" data-id=\"7581098\" data-element_type=\"column\" data-e-type=\"column\">\n\t\t\t<div class=\"elementor-widget-wrap elementor-element-populated\">\n\t\t\t\t\t\t<div class=\"elementor-element elementor-element-93879c3 elementor-widget elementor-widget-text-editor\" data-id=\"93879c3\" data-element_type=\"widget\" data-e-type=\"widget\" data-widget_type=\"text-editor.default\">\n\t\t\t\t<div class=\"elementor-widget-container\">\n\t\t\t\t\t\t\t\t\t<h3 class=\"p1\"><b>Polityka prywatno\u015bci Sklepu internetowego EGO MED SPA <br \/><\/b><\/h3><p class=\"p2\"><span style=\"text-decoration: underline;\"><b>I. Postanowienia og\u00f3lne<\/b><\/span><\/p><ol class=\"ol1\"><li class=\"li3\"><span class=\"s1\">Niniejsza Polityka Prywatno\u015bci reguluje zasady zachowania bezpiecze\u0144stwa oraz przetwarzania danych osobowych klient\u00f3w w zwi\u0105zku z korzystaniem funkcjonalno\u015bci lub us\u0142ug dost\u0119pnych za po\u015brednictwem sklepu internetowego <a href=\"mailto:sklep@ego-medspa.pl\"><span class=\"s2\">sklep@ego-medspa.pl<\/span><\/a>. Polityka prywatno\u015bci ma zastosowanie do danych osobowych przekazanych nam poprzez stron\u0119 internetow\u0105 <a href=\"mailto:sklep@ego-medspa.pl\"><span class=\"s2\">sklep@ego-medspa.pl<\/span><\/a>.<span class=\"Apple-converted-space\">\u00a0<\/span><\/span><\/li><\/ol><ol class=\"ol1\"><li class=\"li3\"><span class=\"s1\">Wiedz, \u017ce Twoja prywatno\u015b\u0107 jest dla nas bardzo wa\u017cna i dok\u0142adamy wszelkich stara\u0144, aby zapewni\u0107 wysoki poziom ochrony przetwarzanych przez nas danych osobowych.<\/span><\/li><\/ol><ol class=\"ol1\"><li class=\"li3\"><span class=\"s1\">Od 25 maja 2018 roku stosuje si\u0119 w Polsce Rozporz\u0105dzenie Parlamentu Europejskiego i Rady (UE) 2016\/679 z dnia 27 kwietnia 2016 r. w sprawie ochrony os\u00f3b fizycznych w zwi\u0105zku z przetwarzaniem danych osobowych i w sprawie swobodnego przep\u0142ywu takich danych oraz uchylenia dyrektywy 95\/46\/WE (dalej <b>\u201eRODO\u201d<\/b>). Nasza polityka prywatno\u015bci jest zgodna z RODO.<\/span><\/li><\/ol><ol class=\"ol1\"><li class=\"li3\"><span class=\"s1\">U\u017cyte w niniejszej polityce prywatno\u015bci poj\u0119cia oznaczaj\u0105:<\/span><\/li><\/ol><p class=\"p5\"><b>My, czyli Administrator<\/b> \u2013 MAGDALENA SZCZEPANIAK-ZAWICKA EGO KOSMETYKA&amp;SPA z siedzib\u0105 w Krakowie, 31-559 Krak\u00f3w, ul. Grzeg\u00f3rzecka, nr 67C, lok. U15, o numerze NIP 6771916786 oraz REGON 356842430, tel.: +48 508 029 577, e-mail: <a href=\"mailto:sklep@ego-medspa.pl\"><span class=\"s2\">sklep@ego-medspa.pl<\/span><\/a>;<\/p><p class=\"p5\"><b>Ty<\/b> &#8211; osoba fizyczna kt\u00f3rej dane osobowe Administrator przetwarza w co najmniej jednym z cel\u00f3w wskazanym w niniejszej polityce prywatno\u015bci;<\/p><p class=\"p5\">Pozwalamy sobie na zwrot bezpo\u015bredni dla lepszej czytelno\u015bci tekstu.<\/p><p class=\"p5\"><b>Dane osobowe <\/b>&#8211; wszelkie informacje o zidentyfikowanej lub mo\u017cliwej do zidentyfikowania osobie fizycznej, takie jak np. imi\u0119 i nazwisko, adres, numer telefonu, adres e-mail czy numer identyfikacyjny;<\/p><p class=\"p5\"><b>Naruszenie danych osobowych<\/b> &#8211; naruszenie bezpiecze\u0144stwa prowadz\u0105ce do przypadkowego lub niezgodnego z prawem zniszczenia, utracenia, zmodyfikowania, nieuprawnionego ujawnienia lub nieuprawnionego dost\u0119pu do danych osobowych przesy\u0142anych, przechowywanych lub w inny spos\u00f3b przetwarzanych;<\/p><p class=\"p5\"><b>Sklep<\/b> \u2013 serwis sklepu internetowego EGO MED SPA, dost\u0119pny pod adresem <a href=\"https:\/\/egoskincare.pl\/sklep\/\"><span class=\"s2\">https:\/\/egoskincare.pl\/sklep\/<\/span><\/a>;<\/p><p class=\"p6\"><b>Klient &#8211;<\/b> osoba fizyczna, korzystaj\u0105ca z serwisu Sklepu;<\/p><p class=\"p7\"><u><b>II.<\/b> <b>Informacje o przetwarzaniu danych osobowych przekazanych za po\u015brednictwem Sklepu.<\/b><\/u><\/p><p class=\"p7\">Mo\u017cesz przegl\u0105da\u0107 nasz\u0105 Stron\u0119 bez podawania swoich danych osobowych, jednak musisz wiedzie\u0107, \u017ce gdy podajesz nam informacje o sobie w formularzu sk\u0142adania zam\u00f3wienia, zak\u0142adaj\u0105c konto w Sklepie, zapisuj\u0105c si\u0119 do Newslettera lub wysy\u0142aj\u0105c do nas wiadomo\u015b\u0107 e-mail, to podajesz nam swoje dane osobowe, a my mamy obowi\u0105zek je chroni\u0107. To samo dzieje si\u0119, gdy kontaktujesz si\u0119 z nami telefonicznie.<\/p><p class=\"p7\">Dane klient\u00f3w s\u0105 przetwarzane zgodnie z przepisami prawa, w tym:<\/p><p class=\"p7\">\u2022 przepisami RODO;<\/p><p class=\"p7\">\u2022 przepisami ustawy z dnia 16 lipca 2004 r. Prawo telekomunikacyjne;<\/p><p class=\"p7\">\u2022 przepisami ustawy z dnia 10 maja 2018 r. o ochronie danych osobowych;<\/p><p class=\"p7\">\u2022 przepisami ustawy z dnia 18 lipca 2002 r. o \u015bwiadczeniu us\u0142ug drog\u0105 elektroniczn\u0105.<\/p><p class=\"p7\">Administrator jednocze\u015bnie zapewnia ochron\u0119 danych osobowych klient\u00f3w poprzez zastosowanie rozwi\u0105za\u0144 organizacyjnych i technicznych, zapobiegaj\u0105cych ingerencji w prywatno\u015b\u0107 klient\u00f3w przez osoby trzecie. Korzystanie ze Sklepu jest realizowane za pomoc\u0105 bezpiecznego protoko\u0142u SSL, kt\u00f3ry istotnie zwi\u0119ksza ochron\u0119 danych w sieci Internet (specjalny standard przesy\u0142ania danych w Internecie, w kt\u00f3rym transmisja jest kodowana, w odr\u00f3\u017cnieniu od zwyk\u0142ego przesy\u0142ania, gdzie transmisja odbywa si\u0119 otwartym tekstem).<\/p><p class=\"p7\"><b>Kto jest administratorem Twoich danych osobowych w takiej sytuacji?<\/b><\/p><p class=\"p7\">Administratorem, czyli podmiotem decyduj\u0105cym jak b\u0119d\u0105 wykorzystane Twoje dane osobowe, jest MAGDALENA SZCZEPANIAK-ZAWICKA EGO KOSMETYKA&amp;SPA (<b>\u201eAdministrator\u201d<\/b>).<\/p><p class=\"p7\">Administrator jest zobowi\u0105zany do dochowania najwy\u017cszej staranno\u015bci, celem zapobie\u017cenia naruszeniom danych osobowych i zapewnienia wszelkich \u015brodk\u00f3w fizycznej, technicznej i organizacyjnej ochrony danych osobowych przed ich przypadkowym czy umy\u015blnym zniszczeniem, przypadkow\u0105 utrat\u0105, zmian\u0105, nieuprawnionym ujawnieniem, wykorzystaniem czy dost\u0119pem, zgodnie ze wszystkimi obowi\u0105zuj\u0105cymi przepisami prawnymi.<\/p><p class=\"p7\"><b>Jak si\u0119 z nami skontaktowa\u0107?<\/b><\/p><p class=\"p7\">Napisz do nas na adres: ul. Grzeg\u00f3rzecka, nr 67C, lok. U15, 31-559 Krak\u00f3w lub wy\u015blij wiadomo\u015b\u0107 na adres poczty elektronicznej: <a href=\"mailto:sklep@ego-medspa.pl\"><span class=\"s2\">sklep@ego-medspa.pl<\/span><\/a>.<span class=\"Apple-converted-space\">\u00a0<\/span><\/p><p class=\"p7\"><b style=\"font-size: 14px; color: var( --e-global-color-text );\">Sk\u0105d mamy twoje dane?<\/b><\/p><p class=\"p10\">Otrzymujemy je od Ciebie dobrowolnie, np. w zwi\u0105zku ze z\u0142o\u017ceniem zam\u00f3wienia w Sklepie poprzez formularz zam\u00f3wienia, za\u0142o\u017ceniem konta w Sklepie, zapisaniem si\u0119 do Newslettera, wys\u0142aniem wiadomo\u015bci na jakikolwiek adres pod domen\u0105 <a href=\"mailto:sklep@ego-medspa.pl\"><span class=\"s2\">ego-medspa.pl<\/span><\/a>, z\u0142o\u017ceniem reklamacji, podaniem nam swoich danych w zwi\u0105zku z zawarciem umowy lub w trakcie telefonicznego.<span class=\"Apple-converted-space\">\u00a0<\/span><\/p><p class=\"p11\">Podanie takich danych nast\u0119puje poprzez wype\u0142nienie stosownych formularzy rejestracyjnych, kontaktowych, o ile s\u0105 dost\u0119pne na stronie Sklepu; w przypadku, gdy podanie oznaczonych danych jest niezb\u0119dne do zawarcia umowy, dane te (np. imi\u0119, nazwisko, e-mail) s\u0105 stosownie oznaczone lub opisane.<span class=\"Apple-converted-space\">\u00a0<\/span><\/p><p class=\"p2\">Twoje dane uzyskujemy r\u00f3wnie\u017c podczas korzystania przez Ciebie z funkcjonalno\u015bci Sklepu. W\u015br\u00f3d takich danych znajduj\u0105 si\u0119 informacje w dziennikach serwer\u00f3w\u00a0(serwery automatycznie zapisuj\u0105 takie dane, jak \u017c\u0105danie strony wysy\u0142ane przez u\u017cytkownika, dat\u0119 i godzin\u0119 \u017c\u0105dania oraz wys\u0142ania odpowiedzi,\u00a0dane urz\u0105dzenia (np. model sprz\u0119tu), typ przegl\u0105darki, j\u0119zyk przegl\u0105darki, typ systemu operacyjnego), informacje pobierane przez narz\u0119dzie Google Analytics w procesie monitorowania statystyk odwiedzin Strony, adres IP (ka\u017cdy komputer pod\u0142\u0105czony do Internetu ma przypisany niepowtarzalny numer, czyli adres IP; na jego podstawie mo\u017cna przyk\u0142adowo zidentyfikowa\u0107 kraj, z kt\u00f3rego dany u\u017cytkownik \u0142\u0105czy si\u0119 z sieci\u0105), pliki tekstowe (ang. &#8222;cookies&#8221;) wysy\u0142ane do komputera u\u017cytkownika podczas odwiedzania Strony, logi serwera.<\/p><p class=\"p7\"><b>Jaki jest cel, podstawa i czas przetwarzania Twoich danych osobowych przez Administratora?<\/b><\/p><p class=\"p10\">Twoje dane osobowe b\u0119d\u0105 przez nas przetwarzane w konkretnych, wyra\u017anych i prawnie uzasadnionych celach i nieprzetwarzane dalej w spos\u00f3b niezgodny z tymi celami. Dane osobowe s\u0105 przechowywane przez okres nie d\u0142u\u017cszy ni\u017c jest to niezb\u0119dne do realizacji cel\u00f3w opisanych poni\u017cej, w tym prawid\u0142owego funkcjonowania naszej dzia\u0142alno\u015bci.<span class=\"Apple-converted-space\">\u00a0<\/span><\/p><p class=\"p10\">Wykorzystujemy Twoje dane osobowe w celu:<\/p><ol class=\"ol2\"><li class=\"li10\">zawarcia z Tob\u0105 umowy sprzeda\u017cy na odleg\u0142o\u015b\u0107 lub do podj\u0119cia dzia\u0142a\u0144 na Twoje \u017c\u0105danie przed zawarciem umowy sprzeda\u017cy na odleg\u0142o\u015b\u0107;<\/li><li class=\"li10\">wykonania i realizacji zawartej z Tob\u0105 umowy sprzeda\u017cy na odleg\u0142o\u015b\u0107, w tym w celu obs\u0142ugi konta i rozwi\u0105zywania problem\u00f3w technicznych, oraz kontaktowania si\u0119 z u\u017cytkownikiem w zwi\u0105zku z realizacj\u0105 zam\u00f3wienia w Sklepie,<span class=\"Apple-converted-space\">\u00a0<\/span><\/li><\/ol><p class=\"p13\">na podstawie art. 6 ust. 1 lit. b RODO &#8211; przez czas przygotowania i trwania umowy, a \u00a0tak\u017ce przedawnienia ewentualnych roszcze\u0144. Jednocze\u015bnie informujemy, i\u017c zgodnie z art. 118 Kodeksu cywilnego, o ile przepis szczeg\u00f3lny nie stanowi inaczej, termin przedawnienia wynosi lat sze\u015b\u0107, a\u00a0dla roszcze\u0144 o \u015bwiadczenia okresowe oraz roszcze\u0144 zwi\u0105zanych z prowadzeniem dzia\u0142alno\u015bci gospodarczej \u2013 termin przedawnienia wynosi trzy lata.<\/p><ol class=\"ol2\"><li class=\"li10\">wystawiania i przechowywania faktur oraz dokument\u00f3w ksi\u0119gowych,<span class=\"Apple-converted-space\">\u00a0<\/span><\/li><li class=\"li14\">wype\u0142nienia obowi\u0105zk\u00f3w zwi\u0105zanych ze z\u0142o\u017ceniem przez Ciebie reklamacji przes\u0142anej pisemnie na adres naszej siedziby lub poprzez wiadomo\u015b\u0107 e-mail (rozpatrywanie skarg i reklamacji), dotycz\u0105cych zawartych za po\u015brednictwem Strony um\u00f3w sprzeda\u017cy, w tym w celu udzielenia odpowiedzi na reklamacj\u0119,<span class=\"Apple-converted-space\">\u00a0<\/span><\/li><li class=\"li14\">przekazania informacji na \u017c\u0105danie organu pa\u0144stwowego na podstawie przepis\u00f3w szczeg\u00f3lnych, np. policji, prokuraturze, s\u0105dowi,<\/li><li class=\"li10\">zapewnienia bezpiecze\u0144stwa sieci i systemu informatycznego,<\/li><\/ol><p class=\"p13\">tj. do wykonywania ci\u0105\u017c\u0105cych na nas obowi\u0105zk\u00f3w prawnych na podstawie art. 6 ust. 1 lit. c RODO przez czas trwania tych obowi\u0105zk\u00f3w, a nie d\u0142u\u017cej ni\u017c do czasu przedawnienia ewentualnych roszcze\u0144. Dokumenty zwi\u0105zane z r\u0119kojmi\u0105 i reklamacj\u0105 b\u0119d\u0105 przechowywane przez okres roku po terminie up\u0142ywie okresu r\u0119kojmi lub rozpatrzeniu reklamacji, w zale\u017cno\u015bci, kt\u00f3ra z tych okoliczno\u015bci nast\u0105pi p\u00f3\u017aniej, chyba \u017ce wcze\u015bniej up\u0142ynie termin przedawnienia roszcze\u0144. Zgodnie z przepisami dokumenty ksi\u0119gowe przechowuje si\u0119 przez okres 5 lat od pocz\u0105tku roku nast\u0119puj\u0105cego po roku obrotowym, w kt\u00f3rym operacje, transakcje i post\u0119powanie zosta\u0142y ostatecznie zako\u0144czone, sp\u0142acone, rozliczone lub przedawnione.<\/p><ol class=\"ol2\"><li class=\"li10\">prowadzenia dzia\u0142a\u0144 marketingowych w ramach Newslettera innych ni\u017c w lit. h poni\u017cej na podstawie i \u00a0w \u00a0zakresie udzielonej nam skutecznie zgody. Dane uzyskane w ten spos\u00f3b b\u0119d\u0105 przetwarzane do czasu wycofania tej zgody, a nie d\u0142u\u017cej ni\u017c do czasu przedawnienia ewentualnych roszcze\u0144 (art. 6 ust. 1 lit. a RODO);<\/li><\/ol><p class=\"p13\">Wskazujemy, \u017ce wycofanie zgody na przetwarzanie danych osobowych nie wp\u0142ywa na zgodno\u015b\u0107 z prawem przetwarzania, kt\u00f3rego dokonano na podstawie zgody przed jej wycofaniem.<span class=\"Apple-converted-space\">\u00a0<\/span><\/p><ol class=\"ol2\"><li class=\"li10\">oferowania produkt\u00f3w i us\u0142ug dost\u0119pnych w Sklepie, czyli prowadzenia dzia\u0142a\u0144 marketingowych naszych towar\u00f3w lub us\u0142ug oraz towar\u00f3w lub us\u0142ug firm z nami wsp\u00f3\u0142pracuj\u0105cych (partnerzy Administratora), w tym marketingu bezpo\u015bredniego Administratora, prowadzonego przez nas lub podmioty<span class=\"Apple-converted-space\">\u00a0 <\/span>trzecie bez wykorzystania \u015brodk\u00f3w komunikacji elektronicznej w celu promowania prowadzonej przez nas lub naszych partner\u00f3w dzia\u0142alno\u015bci (do czasu wniesienia sprzeciwu, a nie d\u0142u\u017cej ni\u017c przez okres przedawnienia ewentualnych roszcze\u0144);<span class=\"Apple-converted-space\">\u00a0<\/span><\/li><li class=\"li10\">oferowania produkt\u00f3w i us\u0142ug dost\u0119pnych w Sklepie, czyli prowadzenia dzia\u0142a\u0144 marketingowych naszych towar\u00f3w lub us\u0142ug oraz towar\u00f3w lub us\u0142ug firm z nami wsp\u00f3\u0142pracuj\u0105cych (partnerzy Administratora), w tym marketingu bezpo\u015bredniego Administratora, prowadzonego przez nas lub podmioty<span class=\"Apple-converted-space\">\u00a0 <\/span>trzecie z wykorzystaniem \u015brodk\u00f3w komunikacji elektronicznej w celu promowania prowadzonej przez nas lub naszych partner\u00f3w dzia\u0142alno\u015bci (do czasu wniesienia sprzeciwu, a nie d\u0142u\u017cej ni\u017c przez okres przedawnienia ewentualnych roszcze\u0144) \u2013 z zastrze\u017ceniem, \u017ce zgodnie z ustaw\u0105 Prawo telekomunikacyjne\u00a0oraz Ustaw\u0105 o \u015bwiadczeniu us\u0142ug drog\u0105 elektroniczn\u0105, dzia\u0142anie te mog\u0105 by\u0107 prowadzone jedynie na podstawie stosownych zg\u00f3d;<span class=\"Apple-converted-space\">\u00a0<\/span><\/li><li class=\"li10\">badania satysfakcji u\u017cytkownik\u00f3w Sklepu i okre\u015blania jako\u015bci \u015bwiadczonych przez nas us\u0142ug (przez okres roku od daty ich otrzymania, a nie d\u0142u\u017cej ni\u017c przez okres przedawnienia ewentualnych roszcze\u0144);<\/li><li class=\"li10\">organizowania akcji promocyjnych i program\u00f3w lojalno\u015bciowych, w kt\u00f3rych mog\u0105 wzi\u0105\u0107 udzia\u0142 u\u017cytkownicy Sklepu (przez okres 6 miesi\u0119cy po zako\u0144czeniu akcji promocyjnej lub do czasu wniesienia sprzeciwu, a nie d\u0142u\u017cej ni\u017c przez okres przedawnienia ewentualnych roszcze\u0144);<\/li><li class=\"li10\">udzielenia odpowiedzi na zapytanie, przes\u0142ane przez Ciebie poprzez wiadomo\u015b\u0107 e-mail (przez okres roku od przes\u0142ania zapytania, a nie d\u0142u\u017cej ni\u017c przez okres przedawnienia ewentualnych roszcze\u0144);<\/li><li class=\"li10\">udzielenia odpowiedzi na pytania, zadane nam podczas rozmowy telefonicznej, a w razie konieczno\u015bci do ponownego skontaktowania si\u0119 z Tob\u0105 w celach zwi\u0105zanych z \u00a0odpowiedzi\u0105 na zadane pytanie (przez okres roku od dnia skontaktowania si\u0119 z nami, a nie d\u0142u\u017cej ni\u017c przez okres przedawnienia ewentualnych roszcze\u0144);<span class=\"Apple-converted-space\">\u00a0<\/span><\/li><li class=\"li10\">kontaktowania si\u0119 z Tob\u0105 w bie\u017c\u0105cych sprawach zwi\u0105zanych ze wsp\u00f3\u0142prac\u0105 gospodarcz\u0105, w tym w sprawie wykonywania um\u00f3w mi\u0119dzy nami a Tob\u0105, otrzymywania zlece\u0144, udzielania odpowiedzi na zadane nam pytania drog\u0105 telefoniczn\u0105 lub mailow\u0105 (przez okres trwania wsp\u00f3\u0142pracy, a nie d\u0142u\u017cej ni\u017c przez okres przedawnienia ewentualnych roszcze\u0144);<span class=\"Apple-converted-space\">\u00a0<\/span><\/li><li class=\"li10\">podejmowania ochrony lub obrony przed ewentualnymi roszczeniami lub ustalenia i dochodzenia ewentualnych roszcze\u0144 zwi\u0105zanych z umow\u0105 sprzeda\u017cy zawart\u0105 z Tob\u0105 jako Klientem (w tym w celu windykacji nale\u017cno\u015bci, prowadzenia post\u0119powa\u0144 s\u0105dowych, a nast\u0119pnie egzekucyjnych) \u2013 do czasu przedawnienia roszcze\u0144 lub ich pe\u0142nego zaspokojenia;<span class=\"Apple-converted-space\">\u00a0<\/span><\/li><li class=\"li10\">w celach archiwalnych dla zabezpieczenia informacji, tj. um\u00f3w i dokumentacji rozliczeniowych, o ile wyst\u0119puj\u0105 (z uwagi dope\u0142nienia obowi\u0105zku rozliczalno\u015bci wynikaj\u0105cego z RODO);<\/li><li class=\"li10\">w celach analitycznych, tj. doboru us\u0142ug do potrzeb u\u017cytkownik\u00f3w; optymalizacji naszych produkt\u00f3w na podstawie uwag u\u017cytkownik\u00f3w, zainteresowania u\u017cytkownik\u00f3w, log\u00f3w technicznych aplikacji; optymalizacji proces\u00f3w obs\u0142ugi na podstawie przebiegu proces\u00f3w obs\u0142ugi sprzeda\u017cy i posprzeda\u017cowej, w tym reklamacji (posiadanie informacji o statystykach prowadzonych przez nas dzia\u0142a\u0144 pozwala nam na usprawnienie prowadzonej dzia\u0142alno\u015bci);<\/li><li class=\"li10\">w celu zapewnienia bezpiecze\u0144stwa oraz przeciwdzia\u0142ania nadu\u017cyciom i oszustwom;<\/li><\/ol><p class=\"p13\">na podstawie naszego prawnie usprawiedliwionego interesu (art. 6 ust. 1 lit. f RODO) polegaj\u0105cego na konieczno\u015bci prowadzenia dzia\u0142a\u0144 marketingowych, komunikacji z u\u017cytkownikami strony internetowej, rozpatrywania z\u0142o\u017conych reklamacji, utrzymywania kontaktu z naszymi Klientami i kontrahentami w bie\u017c\u0105cych sprawach zwi\u0105zanych z nasz\u0105 dzia\u0142alno\u015bci\u0105, a tak\u017ce podejmowania obrony naszych interes\u00f3w maj\u0105tkowych i niemaj\u0105tkowych przed s\u0105dami powszechnymi i organami administracji pa\u0144stwowej.<span class=\"Apple-converted-space\">\u00a0<\/span><\/p><p class=\"p10\"><b>Jakie rodzaje Twoich danych osobowych przetwarzamy?<\/b><\/p><p class=\"p7\"><span class=\"s2\">Dane identyfikacyjne i kontaktowe<\/span>, takie jak np. twoje imi\u0119 i nazwisko, firma, adres zamieszkania, numer telefonu, NIP, REGON, adres e-mail, adres IP urz\u0105dzenia z kt\u00f3rego wys\u0142ano zapytanie lub zam\u00f3wienie.<span class=\"Apple-converted-space\">\u00a0<\/span><\/p><p class=\"p15\"><b>Kto jest odbiorc\u0105 Twoich danych osobowych?<\/b><\/p><p class=\"p15\">Twoja prywatno\u015b\u0107 jest dla nas bardzo wa\u017cna, dlatego przekazane nam dane nie b\u0119d\u0105 udost\u0119pnianie innym podmiotom, za wyj\u0105tkiem:<span class=\"Apple-converted-space\">\u00a0<\/span><\/p><ol class=\"ol2\"><li class=\"li7\">wybranej w trakcie sk\u0142adania zam\u00f3wienia firmy kurierskiej dostarczaj\u0105cej zam\u00f3wienie, przede wszystkim InPost Sp. z o.o. z siedzib\u0105 w Krakowie w celu dostarczenia zam\u00f3wionego w Sklepie towaru;<\/li><li class=\"li7\">podmiot\u00f3w obs\u0142uguj\u0105cych p\u0142atno\u015bci elektroniczne lub kart\u0105 p\u0142atnicz\u0105 \u2013 w przypadku Klienta, kt\u00f3ry korzysta w Sklepie z tych sposob\u00f3w p\u0142atno\u015bci; <span class=\"Apple-converted-space\">\u00a0<\/span><\/li><li class=\"li7\">podmiot\u00f3w, kt\u00f3rym zlecamy wykonywanie us\u0142ug zwi\u0105zanych z przetwarzaniem danych osobowych (przetwarzaj\u0105cy), b\u0119d\u0105 to np. nasi pracownicy i wsp\u00f3\u0142pracownicy, podmioty dostarczaj\u0105ce i administruj\u0105ce systemami IT (w tym firma \u015bwiadcz\u0105ca us\u0142ugi hostingowe), podmioty wykonuj\u0105cy na nasze zlecenie us\u0142ugi ksi\u0119gowe;<\/li><li class=\"li7\">innych odbiorc\u00f3w danych \u2013 np. banki, doradcy podatkowi, kancelarie prawne;<\/li><li class=\"li7\">uprawnionych organ\u00f3w pa\u0144stwowych lub innych podmiot\u00f3w uprawnionych na podstawie przepis\u00f3w prawa, celem wykonania ci\u0105\u017c\u0105cych na nas obowi\u0105zk\u00f3w na\u0142o\u017conych przepisami prawa, np. policja, prokuratura, urz\u0105d skarbowy.<\/li><\/ol><p class=\"p7\"><b>Czy Twoje dane trafi\u0105 poza Europejski Obszar Gospodarczy (EOG) lub do organizacji mi\u0119dzynarodowej?<\/b><\/p><p class=\"p10\">Obecnie nie planujemy przekaza\u0107 twoich danych poza obszar EOG lub do organizacji mi\u0119dzynarodowej. Ale mo\u017ce okaza\u0107 si\u0119, \u017ce podczas trwania umowy zdecydujemy si\u0119 na przekazanie danych poza obszar EOG \u2013 wy\u0142\u0105cznie w zakresie na jaki pozwala\u0107 b\u0119dzie prawo.<\/p><p class=\"p7\"><b>Czy musisz poda\u0107 nam swoje dane osobowe?<\/b><\/p><p class=\"p10\">Podanie danych osobowych jest ca\u0142kowicie dobrowolne, ale w pewnych przypadkach dla wykonania okre\u015blonej czynno\u015bci jak np. zawarcie i realizacja umowy, odpowied\u017a na zapytanie, rozpatrzenie reklamacji b\u0119dzie to niezb\u0119dne, a brak podania danych uniemo\u017cliwi wykonanie tych czynno\u015bci. W pozosta\u0142ym zakresie brak podania danych mo\u017ce utrudnia\u0107 b\u0105d\u017a uniemo\u017cliwia\u0107 prawid\u0142owe wykonanie innych funkcjonalno\u015bci lub us\u0142ugi dost\u0119pnej na Stronie. Je\u017celi wykorzystanie przez nas Twoich danych osobowych nie jest konieczne do zawarcia i wykonania umowy, realizacji obowi\u0105zku prawnego lub nie stanowi naszego lub strony trzeciej prawnie uzasadnionego interesu, to w takim przypadku my, jako Administrator, prosimy o twoj\u0105 osobn\u0105 zgod\u0119 na okre\u015blone sposoby wykorzystania Twoich danych. Zgoda ta mo\u017ce by\u0107 w ka\u017cdej chwili wycofana.<span class=\"Apple-converted-space\">\u00a0<\/span><\/p><p class=\"p7\"><b>Jakie przys\u0142uguj\u0105 Ci uprawnienia?<\/b><\/p><p class=\"p10\">W zwi\u0105zku z przetwarzaniem przez nas Twoich danych przys\u0142uguje Ci szereg uprawnie\u0144. Mo\u017cesz z nich skorzysta\u0107, jak r\u00f3wnie\u017c uzyska\u0107 wi\u0119cej wyja\u015bnie\u0144, kontaktuj\u0105c si\u0119 z nami. <br \/>Twoje prawa to:<\/p><ol class=\"ol2\"><li class=\"li7\">prawo \u017c\u0105dania od nas dost\u0119pu do swoich danych osobowych oraz prawo do ich sprostowania, usuni\u0119cia (\u201eprawo do bycia zapomnianym\u201d);<\/li><li class=\"li7\">prawo wniesienia sprzeciwu wobec przetwarzania danych osobowych na potrzeby marketingu bezpo\u015bredniego, kt\u00f3re powoduje zaprzestanie przetwarzania przez nas Twoich danych w celach marketingu bezpo\u015bredniego;<\/li><li class=\"li7\">prawo do wniesienia sprzeciwu z przyczyn zwi\u0105zanych z Twoj\u0105 szczeg\u00f3ln\u0105 sytuacj\u0105, je\u015bli Twoje dane osobowe przetwarzamy na podstawie prawnie uzasadnionego interesu. Jednak\u017ce b\u0119dziemy dalej przetwarza\u0107 dane osobowe w niezb\u0119dnym zakresie, je\u017celi po naszej stronie b\u0119dzie istnia\u0142 uzasadniony pow\u00f3d ku temu;<\/li><li class=\"li7\">prawo do przenoszenia danych przetwarzanych w zwi\u0105zku z wykonaniem umowy lub na podstawie Twojej zgody oraz prawo do ograniczenia przetwarzania danych;<\/li><li class=\"li7\">je\u017celi podstaw\u0105 przetwarzania danych osobowych jest Twoja zgoda, posiadasz prawo do cofni\u0119cia tej zgody w dowolnym momencie. Przypominamy, \u017ce cofni\u0119cie zgody nie wp\u0142ywa jednak na zgodno\u015b\u0107 z prawem przetwarzania przez nas Twoich danych osobowych, kt\u00f3rego dokonali\u015bmy na podstawie zgody przed jej cofni\u0119ciem.<\/li><\/ol><p class=\"p7\"><b>Kto jest organem nadzorczym i czy mo\u017cesz wnie\u015b\u0107 skarg\u0119?<\/b><\/p><p class=\"p10\">Je\u017celi uwa\u017casz, \u017ce przetwarzanie przez nas Twoich danych osobowych narusza przepisy prawa, mo\u017cesz wnie\u015b\u0107 skarg\u0119 do organu nadzorczego, kt\u00f3ry zajmuje si\u0119 ochron\u0105 danych osobowych. W Polsce jest to Prezes Urz\u0119du Ochrony Danych Osobowych.<\/p><p class=\"p7\"><b>Wi\u0119cej informacji<\/b><\/p><p class=\"p10\">Regulamin naszej Strony internetowej <span class=\"s2\">https:\/\/egoskincare.pl\/sklep\/<\/span>, znajduje si\u0119 pod poni\u017cszym linkiem https:\/\/egoskincare.pl\/sklep\/regulamin-sklepu\/<\/p><p class=\"p7\">Ponadto, informujemy, \u017ce z ko\u0144cem okresu przetwarzania danych (zgodnie z odpowiednimi przepisami prawa) Twoje dane zostan\u0105 usuni\u0119te lub zanonimizowane. Twoje dane nie b\u0119d\u0119 przetwarzane w spos\u00f3b zautomatyzowany (w tym w formie profilowania).<span class=\"Apple-converted-space\">\u00a0<\/span><\/p><p class=\"p10\">Podczas Twojej wizyty na Stronie <a href=\"https:\/\/egoskincare.pl\/sklep\/\"><span class=\"s2\">https:\/\/egoskincare.pl\/sklep\/<\/span><\/a><b> <\/b>zbierane i zapisywane s\u0105 dane, tzw. pliki cookies. S\u0105 to dane informatyczne, w szczeg\u00f3lno\u015bci ma\u0142e pliki tekstowe, zapisywane przez stron\u0119 internetow\u0105 na urz\u0105dzeniu (w szczeg\u00f3lno\u015bci komputerze, urz\u0105dzeniu mobilnym), na kt\u00f3rym dany u\u017cytkownik strony j\u0105 przegl\u0105da. Sklep nie zbiera w spos\u00f3b automatyczny \u017cadnych informacji za wyj\u0105tkiem informacji zawartych w plikach cookies. Pliki cookie s\u0105 przez nas wykorzystywane celem zapewnienia prawid\u0142owego dzia\u0142ania naszej Strony, zarz\u0105dzania ni\u0105, badania ruchu u\u017cytkownik\u00f3w na Stronie, w celach statystycznych (w tym z wykorzystaniem narz\u0119dzie Google Analytics) oraz w celu optymalnego wykorzystania wszystkich funkcjonalno\u015bci Strony.<\/p><p class=\"p10\">Na Stronie mog\u0105 by\u0107 r\u00f3wnie\u017c zamieszczone zewn\u0119trzne linki umo\u017cliwiaj\u0105ce jego u\u017cytkownikom bezpo\u015brednie dotarcie do innych stron internetowych takich jak: Facebook, Twitter, Instagram, Google+, w celu umo\u017cliwienia Pa\u0144stwu skorzystania z funkcjonalno\u015bci serwisu zintegrowanych z tymi serwisami. Ka\u017cdy z tych\u017ce dostawc\u00f3w okre\u015bla zasady korzystania z plik\u00f3w cookies w swojej polityce prywatno\u015bci, w zwi\u0105zku z czym nie mamy wp\u0142ywu na prowadzon\u0105 przez tych dostawc\u00f3w polityk\u0119 prywatno\u015bci oraz wykorzystywania plik\u00f3w cookies. Zalecamy zapoznanie si\u0119 z regulacjami dotycz\u0105cym polityki prywatno\u015bci oraz wykorzystywania plik\u00f3w cookies tych podmiot\u00f3w, na ich stronach internetowych.<span class=\"Apple-converted-space\">\u00a0<\/span><\/p><p class=\"p7\"><b>Informacje o zmianach<\/b><\/p><p class=\"p10\">Postanowienia Polityki prywatno\u015bci obowi\u0105zuj\u0105 od 1 grudnia 2020 roku i mog\u0105 podlega\u0107 dalszym zmianom. Zmienion\u0105 Polityk\u0119 prywatno\u015bci z pogrubieniem zmienionej tre\u015bci b\u0119dziemy prezentowa\u0107 przez okres 30 dni od wprowadzenia zmiany, a nast\u0119pnie pogrubienie usuniemy. Je\u017celi b\u0119dzie to wymagane prawem, wszelkie informacje dotycz\u0105ce przysz\u0142ych zmian lub uzupe\u0142nie\u0144 w przetwarzaniu danych osobowych opisanych w niniejszej Polityce prywatno\u015bci, kt\u00f3re mog\u0105 Pa\u0144stwa dotyczy\u0107, zostan\u0105 Tobie przekazane za po\u015brednictwem odpowiedniej formy komunikacji zazwyczaj u\u017cywanej przez Administratora w kontaktach z Tob\u0105.<\/p>\t\t\t\t\t\t\t\t<\/div>\n\t\t\t\t<\/div>\n\t\t\t\t\t<\/div>\n\t\t<\/div>\n\t\t\t\t\t<\/div>\n\t\t<\/section>\n\t\t\t\t<\/div>\n\t\t","protected":false},"excerpt":{"rendered":"<p>polityka prywatno\u015bci Polityka prywatno\u015bci Sklepu internetowego EGO MED SPA I. Postanowienia og\u00f3lne Niniejsza Polityka Prywatno\u015bci reguluje zasady zachowania bezpiecze\u0144stwa oraz przetwarzania danych osobowych klient\u00f3w w zwi\u0105zku z korzystaniem funkcjonalno\u015bci lub us\u0142ug dost\u0119pnych za po\u015brednictwem sklepu internetowego sklep@ego-medspa.pl. Polityka prywatno\u015bci ma zastosowanie do danych osobowych przekazanych nam poprzez stron\u0119 internetow\u0105 sklep@ego-medspa.pl.\u00a0 Wiedz, \u017ce Twoja prywatno\u015b\u0107 jest [&hellip;]<\/p>\n","protected":false},"author":1,"featured_media":0,"parent":0,"menu_order":0,"comment_status":"closed","ping_status":"closed","template":"","meta":{"ocean_post_layout":"full-screen","ocean_both_sidebars_style":"","ocean_both_sidebars_content_width":0,"ocean_both_sidebars_sidebars_width":0,"ocean_sidebar":"0","ocean_second_sidebar":"0","ocean_disable_margins":"on","ocean_add_body_class":"","ocean_shortcode_before_top_bar":"","ocean_shortcode_after_top_bar":"","ocean_shortcode_before_header":"","ocean_shortcode_after_header":"","ocean_has_shortcode":"","ocean_shortcode_after_title":"","ocean_shortcode_before_footer_widgets":"","ocean_shortcode_after_footer_widgets":"","ocean_shortcode_before_footer_bottom":"","ocean_shortcode_after_footer_bottom":"","ocean_display_top_bar":"default","ocean_display_header":"default","ocean_header_style":"","ocean_center_header_left_menu":"0","ocean_custom_header_template":"0","ocean_custom_logo":0,"ocean_custom_retina_logo":0,"ocean_custom_logo_max_width":0,"ocean_custom_logo_tablet_max_width":0,"ocean_custom_logo_mobile_max_width":0,"ocean_custom_logo_max_height":0,"ocean_custom_logo_tablet_max_height":0,"ocean_custom_logo_mobile_max_height":0,"ocean_header_custom_menu":"0","ocean_menu_typo_font_family":"0","ocean_menu_typo_font_subset":"","ocean_menu_typo_font_size":0,"ocean_menu_typo_font_size_tablet":0,"ocean_menu_typo_font_size_mobile":0,"ocean_menu_typo_font_size_unit":"px","ocean_menu_typo_font_weight":"","ocean_menu_typo_font_weight_tablet":"","ocean_menu_typo_font_weight_mobile":"","ocean_menu_typo_transform":"","ocean_menu_typo_transform_tablet":"","ocean_menu_typo_transform_mobile":"","ocean_menu_typo_line_height":0,"ocean_menu_typo_line_height_tablet":0,"ocean_menu_typo_line_height_mobile":0,"ocean_menu_typo_line_height_unit":"","ocean_menu_typo_spacing":0,"ocean_menu_typo_spacing_tablet":0,"ocean_menu_typo_spacing_mobile":0,"ocean_menu_typo_spacing_unit":"","ocean_menu_link_color":"","ocean_menu_link_color_hover":"","ocean_menu_link_color_active":"","ocean_menu_link_background":"","ocean_menu_link_hover_background":"","ocean_menu_link_active_background":"","ocean_menu_social_links_bg":"","ocean_menu_social_hover_links_bg":"","ocean_menu_social_links_color":"","ocean_menu_social_hover_links_color":"","ocean_disable_title":"on","ocean_disable_heading":"default","ocean_post_title":"","ocean_post_subheading":"","ocean_post_title_style":"","ocean_post_title_background_color":"","ocean_post_title_background":0,"ocean_post_title_bg_image_position":"","ocean_post_title_bg_image_attachment":"","ocean_post_title_bg_image_repeat":"","ocean_post_title_bg_image_size":"","ocean_post_title_height":0,"ocean_post_title_bg_overlay":0.5,"ocean_post_title_bg_overlay_color":"","ocean_disable_breadcrumbs":"off","ocean_breadcrumbs_color":"","ocean_breadcrumbs_separator_color":"","ocean_breadcrumbs_links_color":"","ocean_breadcrumbs_links_hover_color":"","ocean_display_footer_widgets":"default","ocean_display_footer_bottom":"default","ocean_custom_footer_template":"1951","footnotes":""},"class_list":["post-1977","page","type-page","status-publish","hentry","entry","owp-thumbs-layout-horizontal","owp-btn-big","owp-tabs-layout-horizontal","has-no-thumbnails"],"_links":{"self":[{"href":"https:\/\/egoskincare.pl\/sklep\/wp-json\/wp\/v2\/pages\/1977","targetHints":{"allow":["GET"]}}],"collection":[{"href":"https:\/\/egoskincare.pl\/sklep\/wp-json\/wp\/v2\/pages"}],"about":[{"href":"https:\/\/egoskincare.pl\/sklep\/wp-json\/wp\/v2\/types\/page"}],"author":[{"embeddable":true,"href":"https:\/\/egoskincare.pl\/sklep\/wp-json\/wp\/v2\/users\/1"}],"replies":[{"embeddable":true,"href":"https:\/\/egoskincare.pl\/sklep\/wp-json\/wp\/v2\/comments?post=1977"}],"version-history":[{"count":22,"href":"https:\/\/egoskincare.pl\/sklep\/wp-json\/wp\/v2\/pages\/1977\/revisions"}],"predecessor-version":[{"id":2303,"href":"https:\/\/egoskincare.pl\/sklep\/wp-json\/wp\/v2\/pages\/1977\/revisions\/2303"}],"wp:attachment":[{"href":"https:\/\/egoskincare.pl\/sklep\/wp-json\/wp\/v2\/media?parent=1977"}],"curies":[{"name":"wp","href":"https:\/\/api.w.org\/{rel}","templated":true}]}}